{"id":17087,"date":"2022-07-04T05:00:32","date_gmt":"2022-07-04T05:00:32","guid":{"rendered":"https:\/\/ooe2023.hku.edu.tr\/homepage\/"},"modified":"2023-02-03T12:06:23","modified_gmt":"2023-02-03T12:06:23","slug":"homepage","status":"publish","type":"page","link":"https:\/\/ooe2023.hku.edu.tr\/en\/","title":{"rendered":"Homepage"},"content":{"rendered":"\t\t<div data-elementor-type=\"wp-page\" data-elementor-id=\"17087\" class=\"elementor elementor-17087 elementor-15509\">\n\t\t\t\t\t\t<section class=\"elementor-section elementor-top-section elementor-element elementor-element-c2a6e4b elementor-section-full_width elementor-section-height-min-height elementor-section-height-default elementor-section-items-middle\" data-id=\"c2a6e4b\" data-element_type=\"section\" data-e-type=\"section\" data-settings=\"{&quot;background_background&quot;:&quot;classic&quot;}\">\n\t\t\t\t\t\t\t<div class=\"elementor-background-overlay\"><\/div>\n\t\t\t\t\t\t\t<div class=\"elementor-container elementor-column-gap-default\">\n\t\t\t\t\t<div class=\"elementor-column elementor-col-100 elementor-top-column elementor-element elementor-element-276899b\" data-id=\"276899b\" data-element_type=\"column\" data-e-type=\"column\">\n\t\t\t<div class=\"elementor-widget-wrap\">\n\t\t\t\t\t\t\t<\/div>\n\t\t<\/div>\n\t\t\t\t\t<\/div>\n\t\t<\/section>\n\t\t\t\t<section class=\"elementor-section elementor-top-section elementor-element elementor-element-8cfd1dd elementor-section-stretched elementor-section-boxed elementor-section-height-default elementor-section-height-default\" data-id=\"8cfd1dd\" data-element_type=\"section\" data-e-type=\"section\" data-settings=\"{&quot;stretch_section&quot;:&quot;section-stretched&quot;,&quot;background_background&quot;:&quot;classic&quot;}\">\n\t\t\t\t\t\t<div class=\"elementor-container elementor-column-gap-custom\">\n\t\t\t\t\t<div class=\"elementor-column elementor-col-50 elementor-top-column elementor-element elementor-element-29a3b31\" data-id=\"29a3b31\" data-element_type=\"column\" data-e-type=\"column\">\n\t\t\t<div class=\"elementor-widget-wrap elementor-element-populated\">\n\t\t\t\t\t\t<div class=\"elementor-element elementor-element-937cd83 elementor-arrows-position-inside elementor-pagination-position-outside elementor-widget elementor-widget-image-carousel\" data-id=\"937cd83\" data-element_type=\"widget\" data-e-type=\"widget\" data-settings=\"{&quot;slides_to_show&quot;:&quot;1&quot;,&quot;navigation&quot;:&quot;both&quot;,&quot;autoplay&quot;:&quot;yes&quot;,&quot;pause_on_hover&quot;:&quot;yes&quot;,&quot;pause_on_interaction&quot;:&quot;yes&quot;,&quot;autoplay_speed&quot;:5000,&quot;infinite&quot;:&quot;yes&quot;,&quot;effect&quot;:&quot;slide&quot;,&quot;speed&quot;:500}\" data-widget_type=\"image-carousel.default\">\n\t\t\t\t<div class=\"elementor-widget-container\">\n\t\t\t\t\t\t\t<div class=\"elementor-image-carousel-wrapper swiper\" role=\"region\" aria-roledescription=\"carousel\" aria-label=\"Image Carousel\" dir=\"ltr\">\n\t\t\t<div class=\"elementor-image-carousel swiper-wrapper\" aria-live=\"off\">\n\t\t\t\t\t\t\t\t<div class=\"swiper-slide\" role=\"group\" aria-roledescription=\"slide\" aria-label=\"1 of 1\"><figure class=\"swiper-slide-inner\"><img decoding=\"async\" class=\"swiper-slide-image\" src=\"https:\/\/ooe2023.hku.edu.tr\/wp-content\/uploads\/2022\/11\/Yeni-Panorama-scaled.jpg\" alt=\"Yeni Panorama\" \/><\/figure><\/div>\t\t\t<\/div>\n\t\t\t\t\t<\/div>\n\t\t\t\t\t\t<\/div>\n\t\t\t\t<\/div>\n\t\t\t\t<div class=\"elementor-element elementor-element-1212c16 elementor-widget elementor-widget-text-editor\" data-id=\"1212c16\" data-element_type=\"widget\" data-e-type=\"widget\" data-widget_type=\"text-editor.default\">\n\t\t\t\t<div class=\"elementor-widget-container\">\n\t\t\t\t\t\t\t\t\t<p><strong>Dear Colleagues,<\/strong><\/p><p>We will be honored and happy to see you at the 8th International Preschool Education Congress, which will be held on October 26-28, 2023. Our congress is organized by Hasan Kalyoncu University, one of the respected universities of Turkey.<\/p><p>The main theme of the 8th International Preschool Education Congress, whose main theme is &#8220;Preschool Education in the 100th Anniversary of our Republic&#8221;, aims to highlight and discuss academic issues and to bring scientific studies to the publishing world. In the program; Panels, workshops, invited speakers, presentations and extensive research will take place. Congress presentation languages are Turkish and English.<\/p><p>We look forward to seeing you at our congress.<\/p><p><strong>Congress President<\/strong><\/p><p>Prof. Dr. Yasare AKTA\u015e ARNAS<\/p><p>Hasan Kalyoncu University<\/p><p>Faculty of Education<\/p><p>Department of Early Childhood Education<\/p>\t\t\t\t\t\t\t\t<\/div>\n\t\t\t\t<\/div>\n\t\t\t\t\t<\/div>\n\t\t<\/div>\n\t\t\t\t<div class=\"elementor-column elementor-col-50 elementor-top-column elementor-element elementor-element-97f8df9\" data-id=\"97f8df9\" data-element_type=\"column\" data-e-type=\"column\" data-settings=\"{&quot;background_background&quot;:&quot;classic&quot;}\">\n\t\t\t<div class=\"elementor-widget-wrap elementor-element-populated\">\n\t\t\t\t\t\t<section class=\"elementor-section elementor-inner-section elementor-element elementor-element-8d35ae4 elementor-section-boxed elementor-section-height-default elementor-section-height-default\" data-id=\"8d35ae4\" data-element_type=\"section\" data-e-type=\"section\">\n\t\t\t\t\t\t<div class=\"elementor-container elementor-column-gap-default\">\n\t\t\t\t\t<div class=\"elementor-column elementor-col-100 elementor-inner-column elementor-element elementor-element-1f90d87\" data-id=\"1f90d87\" data-element_type=\"column\" data-e-type=\"column\" data-settings=\"{&quot;background_background&quot;:&quot;classic&quot;}\">\n\t\t\t<div class=\"elementor-widget-wrap elementor-element-populated\">\n\t\t\t\t\t\t<div class=\"elementor-element elementor-element-64aaba6 elementor-widget thim-widget-button\" data-id=\"64aaba6\" data-element_type=\"widget\" data-e-type=\"widget\" data-widget_type=\"thim-button.default\">\n\t\t\t\t<div class=\"elementor-widget-container\">\n\t\t\t\t\t<a class=\"widget-button large\" >announcements<\/a>\t\t\t\t<\/div>\n\t\t\t\t<\/div>\n\t\t\t\t<div class=\"elementor-element elementor-element-a99b5ab elementor-widget elementor-widget-text-editor\" data-id=\"a99b5ab\" data-element_type=\"widget\" data-e-type=\"widget\" data-widget_type=\"text-editor.default\">\n\t\t\t\t<div class=\"elementor-widget-container\">\n\t\t\t\t\t\t\t\t\t<table style=\"border-collapse: collapse; width: 100%;\">\n<tbody>\n<tr>\n<td style=\"width: 100%; text-align: center;\"><div class=\"pt-cv-wrapper\"><div class=\"pt-cv-view pt-cv-grid pt-cv-colsys\" id=\"pt-cv-view-267155epwd\"><div data-id=\"pt-cv-page-1\" class=\"pt-cv-page\" data-cvc=\"1\"><div class=\"col-md-12 col-sm-6 col-xs-12 pt-cv-content-item pt-cv-1-col\" ><div class='pt-cv-ifield'><h5 class=\"pt-cv-title\"><a href=\"https:\/\/ooe2023.hku.edu.tr\/kongremizde-gerceklestirilecek-atolye-calismalarina-yonelik-anketimiz\/\" class=\"_self\" target=\"_self\" >Kongremizde Ger\u00e7ekle\u015ftirilecek At\u00f6lye \u00c7al\u0131\u015fmalar\u0131na Y\u00f6nelik Anketimiz<\/a><\/h5>\n<div class=\"pt-cv-meta-fields\"><span class=\"entry-date\"> <time datetime=\"2023-01-20T08:02:08+00:00\">January 20, 2023<\/time><\/span><\/div><\/div><\/div><\/div><\/div><\/div><\/td>\n<\/tr>\n<\/tbody>\n<\/table>\n\t\t\t\t\t\t\t\t<\/div>\n\t\t\t\t<\/div>\n\t\t\t\t\t<\/div>\n\t\t<\/div>\n\t\t\t\t\t<\/div>\n\t\t<\/section>\n\t\t\t\t<section class=\"elementor-section elementor-inner-section elementor-element elementor-element-f79edb3 elementor-section-boxed elementor-section-height-default elementor-section-height-default\" data-id=\"f79edb3\" data-element_type=\"section\" data-e-type=\"section\">\n\t\t\t\t\t\t<div class=\"elementor-container elementor-column-gap-default\">\n\t\t\t\t\t<div class=\"elementor-column elementor-col-100 elementor-inner-column elementor-element elementor-element-261059a\" data-id=\"261059a\" data-element_type=\"column\" data-e-type=\"column\" data-settings=\"{&quot;background_background&quot;:&quot;classic&quot;}\">\n\t\t\t<div class=\"elementor-widget-wrap elementor-element-populated\">\n\t\t\t\t\t\t<div class=\"elementor-element elementor-element-c67cd82 elementor-widget thim-widget-button\" data-id=\"c67cd82\" data-element_type=\"widget\" data-e-type=\"widget\" data-widget_type=\"thim-button.default\">\n\t\t\t\t<div class=\"elementor-widget-container\">\n\t\t\t\t\t<a class=\"widget-button large\" >Important Dates<\/a>\t\t\t\t<\/div>\n\t\t\t\t<\/div>\n\t\t\t\t<div class=\"elementor-element elementor-element-ec5b741 elementor-widget elementor-widget-text-editor\" data-id=\"ec5b741\" data-element_type=\"widget\" data-e-type=\"widget\" data-widget_type=\"text-editor.default\">\n\t\t\t\t<div class=\"elementor-widget-container\">\n\t\t\t\t\t\t\t\t\t<table class=\" aligncenter\"><tbody><tr><td width=\"337\"><strong>Abstract submission<\/strong><\/td><td width=\"277\">13 February 2023 -23 April 2023<\/td><\/tr><tr><td width=\"337\"><strong>Announcement of accepted papers<\/strong><\/td><td width=\"277\">19 May 2023<\/td><\/tr><tr><td width=\"337\"><p><strong>Congress Early Registration Date<\/strong><\/p><p><strong>Congress Late Registration Date<\/strong><\/p><\/td><td width=\"277\"><p>1 May- 20 June 2023<\/p><p>21 June- 30 August 2023<\/p><\/td><\/tr><tr><td width=\"337\"><strong>Announcement of the Congress Program<\/strong><\/td><td width=\"277\">September 24, 2023<\/td><\/tr><tr><td width=\"337\"><strong>Submitting the full text of the paper <\/strong><\/td><td width=\"277\">24 November 2023<\/td><\/tr><\/tbody><\/table>\t\t\t\t\t\t\t\t<\/div>\n\t\t\t\t<\/div>\n\t\t\t\t\t<\/div>\n\t\t<\/div>\n\t\t\t\t\t<\/div>\n\t\t<\/section>\n\t\t\t\t\t<\/div>\n\t\t<\/div>\n\t\t\t\t\t<\/div>\n\t\t<\/section>\n\t\t\t\t<\/div>\n\t\t","protected":false},"excerpt":{"rendered":"<p>Dear Colleagues, We will be honored and happy to see you at the 8th International Preschool Education Congress, which will be held on October 26-28, 2023. Our congress is organized &hellip; <\/p>\n","protected":false},"author":1,"featured_media":0,"parent":0,"menu_order":0,"comment_status":"closed","ping_status":"closed","template":"elementor_header_footer","meta":{"footnotes":""},"class_list":["post-17087","page","type-page","status-publish","hentry"],"yoast_head":"<!-- This site is optimized with the Yoast SEO plugin v27.4 - https:\/\/yoast.com\/product\/yoast-seo-wordpress\/ -->\n<title>Homepage - 8. ULUSLARARASI OKUL \u00d6NCES\u0130 E\u011e\u0130T\u0130M\u0130 KONGRES\u0130<\/title>\n<meta name=\"robots\" content=\"noindex, follow, max-snippet:-1, max-image-preview:large, max-video-preview:-1\" \/>\n<meta property=\"og:locale\" content=\"en_US\" \/>\n<meta property=\"og:type\" content=\"article\" \/>\n<meta property=\"og:title\" content=\"Homepage - 8. ULUSLARARASI OKUL \u00d6NCES\u0130 E\u011e\u0130T\u0130M\u0130 KONGRES\u0130\" \/>\n<meta property=\"og:description\" content=\"Dear Colleagues, We will be honored and happy to see you at the 8th International Preschool Education Congress, which will be held on October 26-28, 2023. Our congress is organized &hellip;\" \/>\n<meta property=\"og:url\" content=\"https:\/\/ooe2023.hku.edu.tr\/en\/\" \/>\n<meta property=\"og:site_name\" content=\"8. ULUSLARARASI OKUL \u00d6NCES\u0130 E\u011e\u0130T\u0130M\u0130 KONGRES\u0130\" \/>\n<meta property=\"article:modified_time\" content=\"2023-02-03T12:06:23+00:00\" \/>\n<meta property=\"og:image\" content=\"https:\/\/ooe2023.hku.edu.tr\/wp-content\/uploads\/2022\/11\/Yeni-Panorama-scaled.jpg\" \/>\n<meta name=\"twitter:card\" content=\"summary_large_image\" \/>\n<meta name=\"twitter:label1\" content=\"Est. reading time\" \/>\n\t<meta name=\"twitter:data1\" content=\"1 minute\" \/>\n<script type=\"application\/ld+json\" class=\"yoast-schema-graph\">{\"@context\":\"https:\\\/\\\/schema.org\",\"@graph\":[{\"@type\":\"WebPage\",\"@id\":\"https:\\\/\\\/ooe2023.hku.edu.tr\\\/en\\\/\",\"url\":\"https:\\\/\\\/ooe2023.hku.edu.tr\\\/en\\\/\",\"name\":\"Homepage - 8. ULUSLARARASI OKUL \u00d6NCES\u0130 E\u011e\u0130T\u0130M\u0130 KONGRES\u0130\",\"isPartOf\":{\"@id\":\"https:\\\/\\\/ooe2023.hku.edu.tr\\\/#website\"},\"primaryImageOfPage\":{\"@id\":\"https:\\\/\\\/ooe2023.hku.edu.tr\\\/en\\\/#primaryimage\"},\"image\":{\"@id\":\"https:\\\/\\\/ooe2023.hku.edu.tr\\\/en\\\/#primaryimage\"},\"thumbnailUrl\":\"https:\\\/\\\/ooe2023.hku.edu.tr\\\/wp-content\\\/uploads\\\/2022\\\/11\\\/Yeni-Panorama-scaled.jpg\",\"datePublished\":\"2022-07-04T05:00:32+00:00\",\"dateModified\":\"2023-02-03T12:06:23+00:00\",\"breadcrumb\":{\"@id\":\"https:\\\/\\\/ooe2023.hku.edu.tr\\\/en\\\/#breadcrumb\"},\"inLanguage\":\"en-US\",\"potentialAction\":[{\"@type\":\"ReadAction\",\"target\":[\"https:\\\/\\\/ooe2023.hku.edu.tr\\\/en\\\/\"]}]},{\"@type\":\"ImageObject\",\"inLanguage\":\"en-US\",\"@id\":\"https:\\\/\\\/ooe2023.hku.edu.tr\\\/en\\\/#primaryimage\",\"url\":\"https:\\\/\\\/ooe2023.hku.edu.tr\\\/wp-content\\\/uploads\\\/2022\\\/11\\\/Yeni-Panorama-scaled.jpg\",\"contentUrl\":\"https:\\\/\\\/ooe2023.hku.edu.tr\\\/wp-content\\\/uploads\\\/2022\\\/11\\\/Yeni-Panorama-scaled.jpg\"},{\"@type\":\"BreadcrumbList\",\"@id\":\"https:\\\/\\\/ooe2023.hku.edu.tr\\\/en\\\/#breadcrumb\",\"itemListElement\":[{\"@type\":\"ListItem\",\"position\":1,\"name\":\"Home\",\"item\":\"https:\\\/\\\/ooe2023.hku.edu.tr\\\/en\\\/\"},{\"@type\":\"ListItem\",\"position\":2,\"name\":\"Homepage\"}]},{\"@type\":\"WebSite\",\"@id\":\"https:\\\/\\\/ooe2023.hku.edu.tr\\\/#website\",\"url\":\"https:\\\/\\\/ooe2023.hku.edu.tr\\\/\",\"name\":\"8. ULUSLARARASI OKUL \u00d6NCES\u0130 E\u011e\u0130T\u0130M\u0130 KONGRES\u0130\",\"description\":\"Hasan Kalyoncu \u00dcniversitesi\",\"potentialAction\":[{\"@type\":\"SearchAction\",\"target\":{\"@type\":\"EntryPoint\",\"urlTemplate\":\"https:\\\/\\\/ooe2023.hku.edu.tr\\\/?s={search_term_string}\"},\"query-input\":{\"@type\":\"PropertyValueSpecification\",\"valueRequired\":true,\"valueName\":\"search_term_string\"}}],\"inLanguage\":\"en-US\"}]}<\/script>\n<!-- \/ Yoast SEO plugin. -->","yoast_head_json":{"title":"Homepage - 8. ULUSLARARASI OKUL \u00d6NCES\u0130 E\u011e\u0130T\u0130M\u0130 KONGRES\u0130","robots":{"index":"noindex","follow":"follow","max-snippet":"max-snippet:-1","max-image-preview":"max-image-preview:large","max-video-preview":"max-video-preview:-1"},"og_locale":"en_US","og_type":"article","og_title":"Homepage - 8. ULUSLARARASI OKUL \u00d6NCES\u0130 E\u011e\u0130T\u0130M\u0130 KONGRES\u0130","og_description":"Dear Colleagues, We will be honored and happy to see you at the 8th International Preschool Education Congress, which will be held on October 26-28, 2023. Our congress is organized &hellip;","og_url":"https:\/\/ooe2023.hku.edu.tr\/en\/","og_site_name":"8. ULUSLARARASI OKUL \u00d6NCES\u0130 E\u011e\u0130T\u0130M\u0130 KONGRES\u0130","article_modified_time":"2023-02-03T12:06:23+00:00","og_image":[{"url":"https:\/\/ooe2023.hku.edu.tr\/wp-content\/uploads\/2022\/11\/Yeni-Panorama-scaled.jpg","type":"","width":"","height":""}],"twitter_card":"summary_large_image","twitter_misc":{"Est. reading time":"1 minute"},"schema":{"@context":"https:\/\/schema.org","@graph":[{"@type":"WebPage","@id":"https:\/\/ooe2023.hku.edu.tr\/en\/","url":"https:\/\/ooe2023.hku.edu.tr\/en\/","name":"Homepage - 8. ULUSLARARASI OKUL \u00d6NCES\u0130 E\u011e\u0130T\u0130M\u0130 KONGRES\u0130","isPartOf":{"@id":"https:\/\/ooe2023.hku.edu.tr\/#website"},"primaryImageOfPage":{"@id":"https:\/\/ooe2023.hku.edu.tr\/en\/#primaryimage"},"image":{"@id":"https:\/\/ooe2023.hku.edu.tr\/en\/#primaryimage"},"thumbnailUrl":"https:\/\/ooe2023.hku.edu.tr\/wp-content\/uploads\/2022\/11\/Yeni-Panorama-scaled.jpg","datePublished":"2022-07-04T05:00:32+00:00","dateModified":"2023-02-03T12:06:23+00:00","breadcrumb":{"@id":"https:\/\/ooe2023.hku.edu.tr\/en\/#breadcrumb"},"inLanguage":"en-US","potentialAction":[{"@type":"ReadAction","target":["https:\/\/ooe2023.hku.edu.tr\/en\/"]}]},{"@type":"ImageObject","inLanguage":"en-US","@id":"https:\/\/ooe2023.hku.edu.tr\/en\/#primaryimage","url":"https:\/\/ooe2023.hku.edu.tr\/wp-content\/uploads\/2022\/11\/Yeni-Panorama-scaled.jpg","contentUrl":"https:\/\/ooe2023.hku.edu.tr\/wp-content\/uploads\/2022\/11\/Yeni-Panorama-scaled.jpg"},{"@type":"BreadcrumbList","@id":"https:\/\/ooe2023.hku.edu.tr\/en\/#breadcrumb","itemListElement":[{"@type":"ListItem","position":1,"name":"Home","item":"https:\/\/ooe2023.hku.edu.tr\/en\/"},{"@type":"ListItem","position":2,"name":"Homepage"}]},{"@type":"WebSite","@id":"https:\/\/ooe2023.hku.edu.tr\/#website","url":"https:\/\/ooe2023.hku.edu.tr\/","name":"8. ULUSLARARASI OKUL \u00d6NCES\u0130 E\u011e\u0130T\u0130M\u0130 KONGRES\u0130","description":"Hasan Kalyoncu \u00dcniversitesi","potentialAction":[{"@type":"SearchAction","target":{"@type":"EntryPoint","urlTemplate":"https:\/\/ooe2023.hku.edu.tr\/?s={search_term_string}"},"query-input":{"@type":"PropertyValueSpecification","valueRequired":true,"valueName":"search_term_string"}}],"inLanguage":"en-US"}]}},"_links":{"self":[{"href":"https:\/\/ooe2023.hku.edu.tr\/en\/wp-json\/wp\/v2\/pages\/17087","targetHints":{"allow":["GET"]}}],"collection":[{"href":"https:\/\/ooe2023.hku.edu.tr\/en\/wp-json\/wp\/v2\/pages"}],"about":[{"href":"https:\/\/ooe2023.hku.edu.tr\/en\/wp-json\/wp\/v2\/types\/page"}],"author":[{"embeddable":true,"href":"https:\/\/ooe2023.hku.edu.tr\/en\/wp-json\/wp\/v2\/users\/1"}],"replies":[{"embeddable":true,"href":"https:\/\/ooe2023.hku.edu.tr\/en\/wp-json\/wp\/v2\/comments?post=17087"}],"version-history":[{"count":0,"href":"https:\/\/ooe2023.hku.edu.tr\/en\/wp-json\/wp\/v2\/pages\/17087\/revisions"}],"wp:attachment":[{"href":"https:\/\/ooe2023.hku.edu.tr\/en\/wp-json\/wp\/v2\/media?parent=17087"}],"curies":[{"name":"wp","href":"https:\/\/api.w.org\/{rel}","templated":true}]}}